{"id":80,"date":"2020-12-20T17:51:15","date_gmt":"2020-12-20T17:51:15","guid":{"rendered":"https:\/\/susannemuellernelson.ch\/wordpress\/?post_type=mp-event&#038;p=80"},"modified":"2025-10-15T02:48:20","modified_gmt":"2025-10-15T01:48:20","slug":"zeitgenoessischer-tanz","status":"publish","type":"mp-event","link":"https:\/\/susannemuellernelson.ch\/wordpress\/fr\/timetable\/event\/zeitgenoessischer-tanz\/","title":{"rendered":"Danse contemporaine"},"content":{"rendered":"<p>Le cours combine les principes de la m\u00e9thode Feldenkrais\u00ae, les techniques de Release et des \u00e9l\u00e9ments de yoga. Les mouvements organiques, fonctionnels et \u00e9conomiques sont au premier plan. Le recours intentionnel \u00e0 la gravit\u00e9 donne une impression de l\u00e9g\u00e8ret\u00e9, mais aussi de stabilit\u00e9 et de force. En explorant les connexions \u00e0 travers le squelette et en explorant de mani\u00e8re ludique les variations spatiales et rythmiques, nous \u00e9largissons notre potentiel de mouvement, notre expressivit\u00e9 et notre cr\u00e9ativit\u00e9, augmentant ainsi notre propre plaisir de bouger ainsi que celui partag\u00e9 avec les autres. La musique (parfois en live) accompagne et inspire les s\u00e9quences de mouvement au sol, debout et dans l&rsquo;espace.<\/p>\n","protected":false},"excerpt":{"rendered":"<p>Le cours combine les principes de la m\u00e9thode Feldenkrais\u00ae, les techniques de Release et des \u00e9l\u00e9ments de yoga. Les mouvements organiques, fonctionnels et \u00e9conomiques sont au premier plan. Le recours intentionnel \u00e0 la gravit\u00e9 donne une impression de l\u00e9g\u00e8ret\u00e9, mais aussi de stabilit\u00e9 et de force. En explorant les connexions \u00e0 travers le squelette et [&hellip;]<\/p>\n","protected":false},"author":1,"featured_media":42,"menu_order":0,"comment_status":"closed","ping_status":"closed","template":"","mp-event_category":[42],"mp-event_tag":[],"class_list":["post-80","mp-event","type-mp-event","status-publish","has-post-thumbnail","hentry","mp-event_category-kurse","mp-event-item"],"translation":{"provider":"WPGlobus","version":"3.0.2","language":"fr","enabled_languages":["de","fr","en"],"languages":{"de":{"title":true,"content":true,"excerpt":false},"fr":{"title":true,"content":true,"excerpt":false},"en":{"title":true,"content":true,"excerpt":false}}},"_links":{"self":[{"href":"https:\/\/susannemuellernelson.ch\/wordpress\/fr\/wp-json\/wp\/v2\/mp-event\/80","targetHints":{"allow":["GET"]}}],"collection":[{"href":"https:\/\/susannemuellernelson.ch\/wordpress\/fr\/wp-json\/wp\/v2\/mp-event"}],"about":[{"href":"https:\/\/susannemuellernelson.ch\/wordpress\/fr\/wp-json\/wp\/v2\/types\/mp-event"}],"author":[{"embeddable":true,"href":"https:\/\/susannemuellernelson.ch\/wordpress\/fr\/wp-json\/wp\/v2\/users\/1"}],"replies":[{"embeddable":true,"href":"https:\/\/susannemuellernelson.ch\/wordpress\/fr\/wp-json\/wp\/v2\/comments?post=80"}],"wp:featuredmedia":[{"embeddable":true,"href":"https:\/\/susannemuellernelson.ch\/wordpress\/fr\/wp-json\/wp\/v2\/media\/42"}],"wp:attachment":[{"href":"https:\/\/susannemuellernelson.ch\/wordpress\/fr\/wp-json\/wp\/v2\/media?parent=80"}],"wp:term":[{"taxonomy":"mp-event_category","embeddable":true,"href":"https:\/\/susannemuellernelson.ch\/wordpress\/fr\/wp-json\/wp\/v2\/mp-event_category?post=80"},{"taxonomy":"mp-event_tag","embeddable":true,"href":"https:\/\/susannemuellernelson.ch\/wordpress\/fr\/wp-json\/wp\/v2\/mp-event_tag?post=80"}],"curies":[{"name":"wp","href":"https:\/\/api.w.org\/{rel}","templated":true}]}}